{"version":"1.0","provider_name":"Villancico Choeur \u00eele de la R\u00e9union - Ce site a \u00e9t\u00e9 financ\u00e9 \u00e0 l\u2019aide du FEDER (REACT-UE) dans le cadre de la r\u00e9ponse de l\u2019Union europ\u00e9enne \u00e0 la pand\u00e9mie  COVID-19. L\u2019Europe s\u2019engage \u00e0 La R\u00e9union.","provider_url":"https:\/\/www.villancico.re","title":"Partenaires - Villancico Choeur \u00eele de la R\u00e9union - Ce site a \u00e9t\u00e9 financ\u00e9 \u00e0 l\u2019aide du FEDER (REACT-UE) dans le cadre de la r\u00e9ponse de l\u2019Union europ\u00e9enne \u00e0 la pand\u00e9mie COVID-19. L\u2019Europe s\u2019engage \u00e0 La R\u00e9union.","type":"rich","width":600,"height":338,"html":"<blockquote class=\"wp-embedded-content\" data-secret=\"u1r3n9lAKu\"><a href=\"https:\/\/www.villancico.re\/index.php\/2023\/04\/13\/partenaires\/\">Partenaires<\/a><\/blockquote><iframe sandbox=\"allow-scripts\" security=\"restricted\" src=\"https:\/\/www.villancico.re\/index.php\/2023\/04\/13\/partenaires\/embed\/#?secret=u1r3n9lAKu\" width=\"600\" height=\"338\" title=\"\u00ab\u00a0Partenaires\u00a0\u00bb &#8212; Villancico Choeur \u00eele de la R\u00e9union - Ce site a \u00e9t\u00e9 financ\u00e9 \u00e0 l\u2019aide du FEDER (REACT-UE) dans le cadre de la r\u00e9ponse de l\u2019Union europ\u00e9enne \u00e0 la pand\u00e9mie  COVID-19. L\u2019Europe s\u2019engage \u00e0 La R\u00e9union.\" data-secret=\"u1r3n9lAKu\" frameborder=\"0\" marginwidth=\"0\" marginheight=\"0\" scrolling=\"no\" class=\"wp-embedded-content\"><\/iframe><script type=\"text\/javascript\">\n\/* <![CDATA[ *\/\n\/*! This file is auto-generated *\/\n!function(d,l){\"use strict\";l.querySelector&&d.addEventListener&&\"undefined\"!=typeof URL&&(d.wp=d.wp||{},d.wp.receiveEmbedMessage||(d.wp.receiveEmbedMessage=function(e){var t=e.data;if((t||t.secret||t.message||t.value)&&!\/[^a-zA-Z0-9]\/.test(t.secret)){for(var s,r,n,a=l.querySelectorAll('iframe[data-secret=\"'+t.secret+'\"]'),o=l.querySelectorAll('blockquote[data-secret=\"'+t.secret+'\"]'),c=new RegExp(\"^https?:$\",\"i\"),i=0;i<o.length;i++)o[i].style.display=\"none\";for(i=0;i<a.length;i++)s=a[i],e.source===s.contentWindow&&(s.removeAttribute(\"style\"),\"height\"===t.message?(1e3<(r=parseInt(t.value,10))?r=1e3:~~r<200&&(r=200),s.height=r):\"link\"===t.message&&(r=new URL(s.getAttribute(\"src\")),n=new URL(t.value),c.test(n.protocol))&&n.host===r.host&&l.activeElement===s&&(d.top.location.href=t.value))}},d.addEventListener(\"message\",d.wp.receiveEmbedMessage,!1),l.addEventListener(\"DOMContentLoaded\",function(){for(var e,t,s=l.querySelectorAll(\"iframe.wp-embedded-content\"),r=0;r<s.length;r++)(t=(e=s[r]).getAttribute(\"data-secret\"))||(t=Math.random().toString(36).substring(2,12),e.src+=\"#?secret=\"+t,e.setAttribute(\"data-secret\",t)),e.contentWindow.postMessage({message:\"ready\",secret:t},\"*\")},!1)))}(window,document);\n\/\/# sourceURL=https:\/\/www.villancico.re\/wp-includes\/js\/wp-embed.min.js\n\/* ]]> *\/\n<\/script>\n","description":"Notre activit\u00e9 musicale de chant choral n&rsquo;est possible que gr\u00e2ce \u00e0 nos partenaires. Notre action est soutenue de fa\u00e7on constante par les subventions\u00a0des collectivit\u00e9s, la Mairie du Tampon, la R\u00e9gion, le D\u00e9partement R\u00e9union. Nous pouvons aussi nous appuyer... Read More","thumbnail_url":"https:\/\/www.villancico.re\/wp-content\/uploads\/2023\/04\/image-1.png"}